{"id":3060,"date":"2021-11-21T15:55:10","date_gmt":"2021-11-21T15:55:10","guid":{"rendered":"https:\/\/wptf.themepul.com\/ecolar\/?page_id=13"},"modified":"2024-10-01T13:08:17","modified_gmt":"2024-10-01T11:08:17","slug":"home","status":"publish","type":"page","link":"https:\/\/cabanasportomarin.com\/gl\/","title":{"rendered":"casa"},"content":{"rendered":"<div data-elementor-type=\"wp-page\" data-elementor-id=\"3060\" class=\"elementor elementor-3060\" data-elementor-post-type=\"page\">\n\t\t\t\t\t\t<section class=\"elementor-section elementor-top-section elementor-element elementor-element-074efa3 elementor-section-full_width elementor-section-stretched elementor-section-height-default elementor-section-height-default\" data-id=\"074efa3\" data-element_type=\"section\" data-settings=\"{&quot;stretch_section&quot;:&quot;section-stretched&quot;,&quot;animation&quot;:&quot;none&quot;}\">\n\t\t\t\t\t\t<div class=\"elementor-container elementor-column-gap-no\">\n\t\t\t\t\t<div class=\"elementor-column elementor-col-100 elementor-top-column elementor-element elementor-element-f17e32a\" data-id=\"f17e32a\" data-element_type=\"column\">\n\t\t\t<div class=\"elementor-widget-wrap elementor-element-populated\">\n\t\t\t\t\t\t<div class=\"elementor-element elementor-element-7d9bbc1 animated fadeInUp animated fadeInUp animated fadeInUp elementor-widget elementor-widget-ecolar_slider_two\" data-id=\"7d9bbc1\" data-element_type=\"widget\" data-widget_type=\"ecolar_slider_two.default\">\n\t\t\t\t<div class=\"elementor-widget-container\">\n\t\t\t        <div class=\"ecolar-slider-wrapper slider-two\">\r\n            <div class=\"ecolar-slider-inner\">\r\n                <div class=\"ecolar-slider-items\" id=\"ecolar-slider-two-21315\">\r\n                                        <div class=\"ecolar-slider-itmes-items\">\r\n                        <div class=\"ecolar-slider-itmes-area d-flex align-items-center\" style=\"background-image:url(https:\/\/cabanasportomarin.com\/wp-content\/uploads\/2024\/02\/paisaje.jpeg );\">\r\n                            <div class=\"container\">\r\n                                <div class=\"row justify-content-center\">\r\n                                    <div class=\"ecolar-slider-single col-12 col-sm-12 col-md-12 col-lg-8\">\r\n                                    <h2 class=\"slider-title\" data-animation=\"fadeInUp\" data-delay=\"0.5s\">Cabanas<\/h2>                                    <div class=\"slider-content\" data-animation=\"fadeInUp\" data-delay=\"1s\"><p>Un lugar para vivir,<br \/>un lugar para compartir<\/p><\/div>                                                                        <\/div>\r\n                                <\/div>\r\n                            <\/div>\r\n                        <\/div>\r\n                    <\/div>\r\n                                    <\/div>\r\n                            <\/div>\r\n        <\/div>\r\n        \t\t<\/div>\n\t\t\t\t<\/div>\n\t\t\t\t\t<\/div>\n\t\t<\/div>\n\t\t\t\t\t<\/div>\n\t\t<\/section>\n\t\t\t\t<section class=\"elementor-section elementor-top-section elementor-element elementor-element-726ac58 elementor-section-stretched elementor-section-boxed elementor-section-height-default elementor-section-height-default\" data-id=\"726ac58\" data-element_type=\"section\" id=\"primary\" data-settings=\"{&quot;stretch_section&quot;:&quot;section-stretched&quot;}\">\n\t\t\t\t\t\t<div class=\"elementor-container elementor-column-gap-no\">\n\t\t\t\t\t<div class=\"elementor-column elementor-col-50 elementor-top-column elementor-element elementor-element-786faf3\" data-id=\"786faf3\" data-element_type=\"column\">\n\t\t\t<div class=\"elementor-widget-wrap elementor-element-populated\">\n\t\t\t\t\t\t<div class=\"elementor-element elementor-element-8df67f5 elementor-widget elementor-widget-image\" data-id=\"8df67f5\" data-element_type=\"widget\" data-widget_type=\"image.default\">\n\t\t\t\t<div class=\"elementor-widget-container\">\n\t\t\t<style>\/*! elementor - v3.19.0 - 28-02-2024 *\/\n.elementor-widget-image{text-align:center}.elementor-widget-image a{display:inline-block}.elementor-widget-image a img[src$=\".svg\"]{width:48px}.elementor-widget-image img{vertical-align:middle;display:inline-block}<\/style>\t\t\t\t\t\t\t\t\t\t<img fetchpriority=\"high\" decoding=\"async\" width=\"1600\" height=\"1561\" src=\"https:\/\/cabanasportomarin.com\/wp-content\/uploads\/2024\/06\/WhatsApp-Image-2024-06-10-at-12.25.23-1.jpeg\" class=\"attachment-full size-full wp-image-3770\" alt=\"\" srcset=\"https:\/\/cabanasportomarin.com\/wp-content\/uploads\/2024\/06\/WhatsApp-Image-2024-06-10-at-12.25.23-1.jpeg 1600w, https:\/\/cabanasportomarin.com\/wp-content\/uploads\/2024\/06\/WhatsApp-Image-2024-06-10-at-12.25.23-1-300x293.jpeg 300w, https:\/\/cabanasportomarin.com\/wp-content\/uploads\/2024\/06\/WhatsApp-Image-2024-06-10-at-12.25.23-1-1024x999.jpeg 1024w, https:\/\/cabanasportomarin.com\/wp-content\/uploads\/2024\/06\/WhatsApp-Image-2024-06-10-at-12.25.23-1-768x749.jpeg 768w, https:\/\/cabanasportomarin.com\/wp-content\/uploads\/2024\/06\/WhatsApp-Image-2024-06-10-at-12.25.23-1-1536x1499.jpeg 1536w, https:\/\/cabanasportomarin.com\/wp-content\/uploads\/2024\/06\/WhatsApp-Image-2024-06-10-at-12.25.23-1-12x12.jpeg 12w\" sizes=\"(max-width: 1600px) 100vw, 1600px\" \/>\t\t\t\t\t\t\t\t\t\t\t\t\t<\/div>\n\t\t\t\t<\/div>\n\t\t\t\t\t<\/div>\n\t\t<\/div>\n\t\t\t\t<div class=\"elementor-column elementor-col-50 elementor-top-column elementor-element elementor-element-7c2fb0e\" data-id=\"7c2fb0e\" data-element_type=\"column\">\n\t\t\t<div class=\"elementor-widget-wrap elementor-element-populated\">\n\t\t\t\t\t\t<div class=\"elementor-element elementor-element-afc7103 elementor-widget elementor-widget-ecolar_about_us\" data-id=\"afc7103\" data-element_type=\"widget\" data-widget_type=\"ecolar_about_us.default\">\n\t\t\t\t<div class=\"elementor-widget-container\">\n\t\t\t        <div class=\"about-section-wrapper\">\r\n            <div class=\"about-inner\">\r\n                <div class=\"about-content-area\">\r\n                    <h2 class=\"about-title\">Ola, son Sandra.<br>benvido a <span>Cabanas<\/span><\/h2>\r\n                    <div class=\"about-dec\">\r\n                    <p><strong>Creo profundamente nun estilo de vida e modelo de negocio diferente, onde a natureza, a sustentabilidade e a comunidade estean no centro de todo o que facemos.<\/strong><\/p>\n<p>Son o promotor deste proxecto, un emprendedor apaixonado e so\u00f1ador. Sempre en movemento, busco novas formas de facer as cousas mellor, con creatividade e compromiso, para constru\u00edr un futuro m\u00e1is sostible en harmon\u00eda co medio que tanto amo: o campo, a natureza.<\/p>                    <\/div>\r\n                                    <\/div>    \r\n            <\/div>\r\n        <\/div>\r\n        \t\t<\/div>\n\t\t\t\t<\/div>\n\t\t\t\t<div class=\"elementor-element elementor-element-e6d1fe8 elementor-align-left elementor-widget elementor-widget-button\" data-id=\"e6d1fe8\" data-element_type=\"widget\" data-widget_type=\"button.default\">\n\t\t\t\t<div class=\"elementor-widget-container\">\n\t\t\t\t\t<div class=\"elementor-button-wrapper\">\n\t\t\t<a class=\"elementor-button elementor-button-link elementor-size-xs\" href=\"https:\/\/cabanasportomarin.com\/gl\/iniciativa\/\">\n\t\t\t\t\t\t<span class=\"elementor-button-content-wrapper\">\n\t\t\t\t\t\t<span class=\"elementor-button-text\">Co\u00f1ece a Iniciativa<\/span>\n\t\t<\/span>\n\t\t\t\t\t<\/a>\n\t\t<\/div>\n\t\t\t\t<\/div>\n\t\t\t\t<\/div>\n\t\t\t\t\t<\/div>\n\t\t<\/div>\n\t\t\t\t\t<\/div>\n\t\t<\/section>\n\t\t\t\t<section class=\"elementor-section elementor-top-section elementor-element elementor-element-f3eca25 elementor-section-stretched elementor-section-boxed elementor-section-height-default elementor-section-height-default\" data-id=\"f3eca25\" data-element_type=\"section\" data-settings=\"{&quot;background_background&quot;:&quot;classic&quot;,&quot;stretch_section&quot;:&quot;section-stretched&quot;}\">\n\t\t\t\t\t\t<div class=\"elementor-container elementor-column-gap-no\">\n\t\t\t\t\t<div class=\"elementor-column elementor-col-100 elementor-top-column elementor-element elementor-element-2fb4030\" data-id=\"2fb4030\" data-element_type=\"column\">\n\t\t\t<div class=\"elementor-widget-wrap elementor-element-populated\">\n\t\t\t\t\t\t<div class=\"elementor-element elementor-element-aca10de elementor-widget elementor-widget-ecolar_title\" data-id=\"aca10de\" data-element_type=\"widget\" data-widget_type=\"ecolar_title.default\">\n\t\t\t\t<div class=\"elementor-widget-container\">\n\t\t\t        <div class=\"ecolar-section-title-wrapper\">\r\n            <div class=\"ecolar-section-title\">\r\n                <h2 class=\"section-title\">Cabanas \u00e9...<\/h2>\r\n                <div class=\"dec\">\r\n                                    <\/div>\r\n                            <\/div>\r\n        <\/div>\r\n        \t\t<\/div>\n\t\t\t\t<\/div>\n\t\t\t\t<section class=\"elementor-section elementor-inner-section elementor-element elementor-element-2c4cb7e elementor-section-boxed elementor-section-height-default elementor-section-height-default\" data-id=\"2c4cb7e\" data-element_type=\"section\">\n\t\t\t\t\t\t<div class=\"elementor-container elementor-column-gap-default\">\n\t\t\t\t\t<div class=\"elementor-column elementor-col-100 elementor-inner-column elementor-element elementor-element-e327418\" data-id=\"e327418\" data-element_type=\"column\">\n\t\t\t<div class=\"elementor-widget-wrap\">\n\t\t\t\t\t\t\t<\/div>\n\t\t<\/div>\n\t\t\t\t\t<\/div>\n\t\t<\/section>\n\t\t\t\t<section class=\"elementor-section elementor-inner-section elementor-element elementor-element-d119903 elementor-section-boxed elementor-section-height-default elementor-section-height-default\" data-id=\"d119903\" data-element_type=\"section\">\n\t\t\t\t\t\t<div class=\"elementor-container elementor-column-gap-default\">\n\t\t\t\t\t<div class=\"elementor-column elementor-col-100 elementor-inner-column elementor-element elementor-element-10eeabd\" data-id=\"10eeabd\" data-element_type=\"column\">\n\t\t\t<div class=\"elementor-widget-wrap elementor-element-populated\">\n\t\t\t\t\t\t<div class=\"elementor-element elementor-element-ebd12fe elementor-widget elementor-widget-ecolar_service\" data-id=\"ebd12fe\" data-element_type=\"widget\" data-widget_type=\"ecolar_service.default\">\n\t\t\t\t<div class=\"elementor-widget-container\">\n\t\t\t\r\n\t\t\t<script>\r\n\t\t\tjQuery(document).ready(function($) {\r\n\t\t\t\t\"use strict\";\r\n\t\t\t\t$(\".service-14995\").slick({\r\n\t\t\t\t\tslidesToShow: 4,\r\n\t\t\t\t\tslidesToScroll: 2,\r\n                    arrows: false,\r\n                    rtl: false,\r\n\t\t\t\t\tdots: true,\r\n\t\t\t\t\tinfinite: true,\r\n\t\t\t\t\tautoplay: true,speed: 4000,autoplaySpeed: 3000,\r\n\t\t\t\t\tresponsive: [\r\n\t\t\t\t\t\t{\r\n                            breakpoint: 1124,\r\n                            settings: {\r\n                                slidesToShow: 3\r\n                            }\r\n                        },\r\n                        {\r\n                            breakpoint: 992,\r\n                            settings: {\r\n                                slidesToShow: 2\r\n                            }\r\n                        },\r\n\t\t\t\t\t\t{\r\n\t\t\t\t\t\t\tbreakpoint: 768,\r\n\t\t\t\t\t\t\tsettings: {\r\n\t\t\t\t\t\t\t\tslidesToShow: 2\r\n\t\t\t\t\t\t\t}\r\n\t\t\t\t\t\t},\r\n\t\t\t\t\t\t{\r\n\t\t\t\t\t\t\tbreakpoint: 680,\r\n\t\t\t\t\t\t\tsettings: {\r\n\t\t\t\t\t\t\t\tslidesToShow: 1\r\n\t\t\t\t\t\t\t}\r\n\t\t\t\t\t\t}\r\n\t\t\t\t\t]\r\n\t\t\t\t});\r\n\t\t\t});\r\n\t\t\t<\/script>        <div class=\"ecolar-service-wrapper\">\r\n            <div class=\"ecolar-service-inner style-one\">\r\n                <div class=\"row service-14995\">\r\n                                        <div class=\"service-box enable-slide\">\r\n                        <div class=\"single-service\">\r\n                                                        <div class=\"service-img\">\r\n                                <img decoding=\"async\" width=\"1200\" height=\"1600\" src=\"https:\/\/cabanasportomarin.com\/wp-content\/uploads\/2024\/03\/IMG-20240304-WA0024.jpg\" class=\"attachment-full size-full wp-image-3476\" alt=\"\" srcset=\"https:\/\/cabanasportomarin.com\/wp-content\/uploads\/2024\/03\/IMG-20240304-WA0024.jpg 1200w, https:\/\/cabanasportomarin.com\/wp-content\/uploads\/2024\/03\/IMG-20240304-WA0024-225x300.jpg 225w, https:\/\/cabanasportomarin.com\/wp-content\/uploads\/2024\/03\/IMG-20240304-WA0024-768x1024.jpg 768w, https:\/\/cabanasportomarin.com\/wp-content\/uploads\/2024\/03\/IMG-20240304-WA0024-1152x1536.jpg 1152w, https:\/\/cabanasportomarin.com\/wp-content\/uploads\/2024\/03\/IMG-20240304-WA0024-9x12.jpg 9w, https:\/\/cabanasportomarin.com\/wp-content\/uploads\/2024\/03\/IMG-20240304-WA0024-600x800.jpg 600w\" sizes=\"(max-width: 1200px) 100vw, 1200px\" \/>                            <\/div>\r\n                                                        <div class=\"service-contentrs\">\r\n                                <h2 class=\"service-title\"><a href=\"\"  target=\"_blank\" rel=\"nofollow\">Tenda<\/a><\/h2>                                <div class=\"servie-dec\">\r\n                                    <p>Briana, sinatura vi\u00f1o Menc\u00eda Cervexa Sidra Vinagre de Maz\u00e1<\/p>\r\n                                <\/div>\r\n                            <\/div>\r\n                        <\/div>\r\n                    <\/div>\r\n                                        <div class=\"service-box enable-slide\">\r\n                        <div class=\"single-service\">\r\n                                                        <div class=\"service-img\">\r\n                                <img decoding=\"async\" width=\"1200\" height=\"1600\" src=\"https:\/\/cabanasportomarin.com\/wp-content\/uploads\/2024\/03\/IMG-20240304-WA0002.jpg\" class=\"attachment-full size-full wp-image-3454\" alt=\"\" srcset=\"https:\/\/cabanasportomarin.com\/wp-content\/uploads\/2024\/03\/IMG-20240304-WA0002.jpg 1200w, https:\/\/cabanasportomarin.com\/wp-content\/uploads\/2024\/03\/IMG-20240304-WA0002-225x300.jpg 225w, https:\/\/cabanasportomarin.com\/wp-content\/uploads\/2024\/03\/IMG-20240304-WA0002-768x1024.jpg 768w, https:\/\/cabanasportomarin.com\/wp-content\/uploads\/2024\/03\/IMG-20240304-WA0002-1152x1536.jpg 1152w, https:\/\/cabanasportomarin.com\/wp-content\/uploads\/2024\/03\/IMG-20240304-WA0002-9x12.jpg 9w, https:\/\/cabanasportomarin.com\/wp-content\/uploads\/2024\/03\/IMG-20240304-WA0002-600x800.jpg 600w\" sizes=\"(max-width: 1200px) 100vw, 1200px\" \/>                            <\/div>\r\n                                                        <div class=\"service-contentrs\">\r\n                                <h2 class=\"service-title\"><a href=\"\"  target=\"_blank\" rel=\"nofollow\">Restaurante<\/a><\/h2>                                <div class=\"servie-dec\">\r\n                                    <p>Que mellor lugar para degustar produtos locais e locais?<\/p>\r\n                                <\/div>\r\n                            <\/div>\r\n                        <\/div>\r\n                    <\/div>\r\n                                        <div class=\"service-box enable-slide\">\r\n                        <div class=\"single-service\">\r\n                                                        <div class=\"service-img\">\r\n                                <img loading=\"lazy\" decoding=\"async\" width=\"1600\" height=\"904\" src=\"https:\/\/cabanasportomarin.com\/wp-content\/uploads\/2024\/03\/IMG-20240304-WA0013.jpg\" class=\"attachment-full size-full wp-image-3465\" alt=\"\" srcset=\"https:\/\/cabanasportomarin.com\/wp-content\/uploads\/2024\/03\/IMG-20240304-WA0013.jpg 1600w, https:\/\/cabanasportomarin.com\/wp-content\/uploads\/2024\/03\/IMG-20240304-WA0013-300x170.jpg 300w, https:\/\/cabanasportomarin.com\/wp-content\/uploads\/2024\/03\/IMG-20240304-WA0013-1024x579.jpg 1024w, https:\/\/cabanasportomarin.com\/wp-content\/uploads\/2024\/03\/IMG-20240304-WA0013-768x434.jpg 768w, https:\/\/cabanasportomarin.com\/wp-content\/uploads\/2024\/03\/IMG-20240304-WA0013-1536x868.jpg 1536w, https:\/\/cabanasportomarin.com\/wp-content\/uploads\/2024\/03\/IMG-20240304-WA0013-18x10.jpg 18w, https:\/\/cabanasportomarin.com\/wp-content\/uploads\/2024\/03\/IMG-20240304-WA0013-600x339.jpg 600w\" sizes=\"(max-width: 1600px) 100vw, 1600px\" \/>                            <\/div>\r\n                                                        <div class=\"service-contentrs\">\r\n                                <h2 class=\"service-title\"><a href=\"\"  target=\"_blank\" rel=\"nofollow\">Vi\u00f1edos<\/a><\/h2>                                <div class=\"servie-dec\">\r\n                                    <p>2 ha. de vi\u00f1edos<\/p>\r\n                                <\/div>\r\n                            <\/div>\r\n                        <\/div>\r\n                    <\/div>\r\n                                        <div class=\"service-box enable-slide\">\r\n                        <div class=\"single-service\">\r\n                                                        <div class=\"service-img\">\r\n                                <img loading=\"lazy\" decoding=\"async\" width=\"1440\" height=\"1274\" src=\"https:\/\/cabanasportomarin.com\/wp-content\/uploads\/2024\/02\/vacas.jpeg\" class=\"attachment-full size-full wp-image-3076\" alt=\"\" srcset=\"https:\/\/cabanasportomarin.com\/wp-content\/uploads\/2024\/02\/vacas.jpeg 1440w, https:\/\/cabanasportomarin.com\/wp-content\/uploads\/2024\/02\/vacas-300x265.jpeg 300w, https:\/\/cabanasportomarin.com\/wp-content\/uploads\/2024\/02\/vacas-1024x906.jpeg 1024w, https:\/\/cabanasportomarin.com\/wp-content\/uploads\/2024\/02\/vacas-768x679.jpeg 768w, https:\/\/cabanasportomarin.com\/wp-content\/uploads\/2024\/02\/vacas-600x531.jpeg 600w\" sizes=\"(max-width: 1440px) 100vw, 1440px\" \/>                            <\/div>\r\n                                                        <div class=\"service-contentrs\">\r\n                                <h2 class=\"service-title\"><a href=\"\"  target=\"_blank\" rel=\"nofollow\">Ganader\u00eda<\/a><\/h2>                                <div class=\"servie-dec\">\r\n                                    <p>Onde damos vida \u00e1s mellores carnes (angus)<\/p>\r\n                                <\/div>\r\n                            <\/div>\r\n                        <\/div>\r\n                    <\/div>\r\n                                        <div class=\"service-box enable-slide\">\r\n                        <div class=\"single-service\">\r\n                                                        <div class=\"service-img\">\r\n                                <img loading=\"lazy\" decoding=\"async\" width=\"1600\" height=\"1200\" src=\"https:\/\/cabanasportomarin.com\/wp-content\/uploads\/2024\/03\/IMG-20240304-WA0027.jpg\" class=\"attachment-full size-full wp-image-3479\" alt=\"\" srcset=\"https:\/\/cabanasportomarin.com\/wp-content\/uploads\/2024\/03\/IMG-20240304-WA0027.jpg 1600w, https:\/\/cabanasportomarin.com\/wp-content\/uploads\/2024\/03\/IMG-20240304-WA0027-300x225.jpg 300w, https:\/\/cabanasportomarin.com\/wp-content\/uploads\/2024\/03\/IMG-20240304-WA0027-1024x768.jpg 1024w, https:\/\/cabanasportomarin.com\/wp-content\/uploads\/2024\/03\/IMG-20240304-WA0027-768x576.jpg 768w, https:\/\/cabanasportomarin.com\/wp-content\/uploads\/2024\/03\/IMG-20240304-WA0027-1536x1152.jpg 1536w, https:\/\/cabanasportomarin.com\/wp-content\/uploads\/2024\/03\/IMG-20240304-WA0027-16x12.jpg 16w, https:\/\/cabanasportomarin.com\/wp-content\/uploads\/2024\/03\/IMG-20240304-WA0027-600x450.jpg 600w\" sizes=\"(max-width: 1600px) 100vw, 1600px\" \/>                            <\/div>\r\n                                                        <div class=\"service-contentrs\">\r\n                                <h2 class=\"service-title\"><a href=\"\"  target=\"_blank\" rel=\"nofollow\">Horto<\/a><\/h2>                                <div class=\"servie-dec\">\r\n                                    <p>Onde nacen e coidadosamente os nosos produtos (pementos, tomates, xud\u00edas, repolos, esp\u00e1rragos, grelos e leitugas, entre outros).<\/p>\r\n                                <\/div>\r\n                            <\/div>\r\n                        <\/div>\r\n                    <\/div>\r\n                                        <div class=\"service-box enable-slide\">\r\n                        <div class=\"single-service\">\r\n                                                        <div class=\"service-img\">\r\n                                <img loading=\"lazy\" decoding=\"async\" width=\"800\" height=\"600\" src=\"https:\/\/cabanasportomarin.com\/wp-content\/uploads\/2024\/02\/paisaje.jpeg\" class=\"attachment-full size-full wp-image-3067\" alt=\"\" srcset=\"https:\/\/cabanasportomarin.com\/wp-content\/uploads\/2024\/02\/paisaje.jpeg 800w, https:\/\/cabanasportomarin.com\/wp-content\/uploads\/2024\/02\/paisaje-300x225.jpeg 300w, https:\/\/cabanasportomarin.com\/wp-content\/uploads\/2024\/02\/paisaje-768x576.jpeg 768w, https:\/\/cabanasportomarin.com\/wp-content\/uploads\/2024\/02\/paisaje-600x450.jpeg 600w\" sizes=\"(max-width: 800px) 100vw, 800px\" \/>                            <\/div>\r\n                                                        <div class=\"service-contentrs\">\r\n                                <h2 class=\"service-title\"><a href=\"\"  target=\"_blank\" rel=\"nofollow\">Vivenda colaborativa<\/a><\/h2>                                <div class=\"servie-dec\">\r\n                                    <p>Un entorno natural privilexiado para vivir en comunidade<\/p>\r\n                                <\/div>\r\n                            <\/div>\r\n                        <\/div>\r\n                    <\/div>\r\n                                    <\/div>\r\n            <\/div>\r\n        <\/div>\r\n        \t\t<\/div>\n\t\t\t\t<\/div>\n\t\t\t\t<div class=\"elementor-element elementor-element-2a003be elementor-widget elementor-widget-ecolar_button\" data-id=\"2a003be\" data-element_type=\"widget\" data-widget_type=\"ecolar_button.default\">\n\t\t\t\t<div class=\"elementor-widget-container\">\n\t\t\t        <div class=\"ecolar-button-wrapper\">\r\n            <div class=\"ecolar-button\">\r\n                <a href=\"https:\/\/cabanasportomarin.com\/gl\/el-proyecto\/\" class=\"theme-btns\"  >M\u00e1is informaci\u00f3n sobre o proxecto<\/a>\r\n            <\/div>\r\n        <\/div>\r\n        \t\t<\/div>\n\t\t\t\t<\/div>\n\t\t\t\t\t<\/div>\n\t\t<\/div>\n\t\t\t\t\t<\/div>\n\t\t<\/section>\n\t\t\t\t\t<\/div>\n\t\t<\/div>\n\t\t\t\t\t<\/div>\n\t\t<\/section>\n\t\t\t\t<section class=\"elementor-section elementor-top-section elementor-element elementor-element-42d3fbb elementor-section-stretched elementor-section-boxed elementor-section-height-default elementor-section-height-default\" data-id=\"42d3fbb\" data-element_type=\"section\" data-settings=\"{&quot;stretch_section&quot;:&quot;section-stretched&quot;}\">\n\t\t\t\t\t\t<div class=\"elementor-container elementor-column-gap-no\">\n\t\t\t\t\t<div class=\"elementor-column elementor-col-50 elementor-top-column elementor-element elementor-element-2117a75\" data-id=\"2117a75\" data-element_type=\"column\">\n\t\t\t<div class=\"elementor-widget-wrap elementor-element-populated\">\n\t\t\t\t\t\t<div class=\"elementor-element elementor-element-c7d824f elementor-widget elementor-widget-image\" data-id=\"c7d824f\" data-element_type=\"widget\" data-widget_type=\"image.default\">\n\t\t\t\t<div class=\"elementor-widget-container\">\n\t\t\t\t\t\t\t\t\t\t\t\t\t<img loading=\"lazy\" decoding=\"async\" width=\"718\" height=\"693\" src=\"https:\/\/cabanasportomarin.com\/wp-content\/uploads\/2024\/06\/ciclo-valores-cabans.png\" class=\"attachment-full size-full wp-image-3780\" alt=\"\" srcset=\"https:\/\/cabanasportomarin.com\/wp-content\/uploads\/2024\/06\/ciclo-valores-cabans.png 718w, https:\/\/cabanasportomarin.com\/wp-content\/uploads\/2024\/06\/ciclo-valores-cabans-300x290.png 300w, https:\/\/cabanasportomarin.com\/wp-content\/uploads\/2024\/06\/ciclo-valores-cabans-12x12.png 12w\" sizes=\"(max-width: 718px) 100vw, 718px\" \/>\t\t\t\t\t\t\t\t\t\t\t\t\t<\/div>\n\t\t\t\t<\/div>\n\t\t\t\t\t<\/div>\n\t\t<\/div>\n\t\t\t\t<div class=\"elementor-column elementor-col-50 elementor-top-column elementor-element elementor-element-6f794a7\" data-id=\"6f794a7\" data-element_type=\"column\">\n\t\t\t<div class=\"elementor-widget-wrap elementor-element-populated\">\n\t\t\t\t\t\t<div class=\"elementor-element elementor-element-2a51876 elementor-widget elementor-widget-ecolar_about_us\" data-id=\"2a51876\" data-element_type=\"widget\" data-widget_type=\"ecolar_about_us.default\">\n\t\t\t\t<div class=\"elementor-widget-container\">\n\t\t\t        <div class=\"about-section-wrapper\">\r\n            <div class=\"about-inner\">\r\n                <div class=\"about-content-area\">\r\n                    <h2 class=\"about-title\">Valores<\/h2>\r\n                    <div class=\"about-dec\">\r\n                    <p><strong>En Cabanas, os nosos valores est\u00e1n entrelazados coas ra\u00edces da terra e coas nosas necesidades e preocupaci\u00f3ns como persoas, tecendo unha rede que sustenta a nosa comunidade.<\/strong><\/p>\n<p>Dende a colaboraci\u00f3n que impulsa a cooperaci\u00f3n entre os veci\u00f1os ata a diversidade que enriquece a nosa convivencia, cada valor \u00e9 unha pedra angular na construci\u00f3n dun proxecto onde a sustentabilidade, a autonom\u00eda e a inclusi\u00f3n formen parte do noso compromiso diario. Merg\u00fallate na esencia de Cabanas, onde os nosos valores non son s\u00f3 palabras, sen\u00f3n bases que sustentan unha forma de vida conectada coa natureza e enraizada na colaboraci\u00f3n e o respecto mutuo.<\/p>                    <\/div>\r\n                                        <div class=\"button\">\r\n                        <a href=\"https:\/\/cabanasportomarin.com\/gl\/valores\/\" class=\"theme-btns\"  >Saber m\u00e1is<\/a>\r\n                    <\/div>\r\n                                    <\/div>    \r\n            <\/div>\r\n        <\/div>\r\n        \t\t<\/div>\n\t\t\t\t<\/div>\n\t\t\t\t\t<\/div>\n\t\t<\/div>\n\t\t\t\t\t<\/div>\n\t\t<\/section>\n\t\t\t\t<section class=\"elementor-section elementor-top-section elementor-element elementor-element-1214c38 elementor-section-boxed elementor-section-height-default elementor-section-height-default\" data-id=\"1214c38\" data-element_type=\"section\">\n\t\t\t\t\t\t<div class=\"elementor-container elementor-column-gap-default\">\n\t\t\t\t\t<div class=\"elementor-column elementor-col-100 elementor-top-column elementor-element elementor-element-c1b02fd\" data-id=\"c1b02fd\" data-element_type=\"column\">\n\t\t\t<div class=\"elementor-widget-wrap elementor-element-populated\">\n\t\t\t\t\t\t<section class=\"elementor-section elementor-inner-section elementor-element elementor-element-64d46d6 elementor-section-boxed elementor-section-height-default elementor-section-height-default\" data-id=\"64d46d6\" data-element_type=\"section\">\n\t\t\t\t\t\t<div class=\"elementor-container elementor-column-gap-default\">\n\t\t\t\t\t<div class=\"elementor-column elementor-col-100 elementor-inner-column elementor-element elementor-element-21cd0cd\" data-id=\"21cd0cd\" data-element_type=\"column\">\n\t\t\t<div class=\"elementor-widget-wrap elementor-element-populated\">\n\t\t\t\t\t\t<div class=\"elementor-element elementor-element-cb1db00 elementor-widget elementor-widget-ecolar_title\" data-id=\"cb1db00\" data-element_type=\"widget\" data-widget_type=\"ecolar_title.default\">\n\t\t\t\t<div class=\"elementor-widget-container\">\n\t\t\t        <div class=\"ecolar-section-title-wrapper\">\r\n            <div class=\"ecolar-section-title\">\r\n                <h2 class=\"section-title\">Blog<\/h2>\r\n                <div class=\"dec\">\r\n                                    <\/div>\r\n                            <\/div>\r\n        <\/div>\r\n        \t\t<\/div>\n\t\t\t\t<\/div>\n\t\t\t\t<div class=\"elementor-element elementor-element-09d1065 elementor-widget elementor-widget-ecolar_blog\" data-id=\"09d1065\" data-element_type=\"widget\" data-widget_type=\"ecolar_blog.default\">\n\t\t\t\t<div class=\"elementor-widget-container\">\n\t\t\t        <div class=\"ecolar-blog-post-wrapper blog-style-one\">\r\n            <div class=\"ecolar-blog-post-box\">\r\n                <div class=\"row\">\r\n                                        <div class=\"col-12 col-sm-12 col-md-6 col-lg-4\">\r\n                        <div class=\"ecolar-blog-post-item\">\r\n                            <div class=\"ecolar-blog-post-img\">\r\n                                                                <img loading=\"lazy\" decoding=\"async\" width=\"1440\" height=\"1274\" src=\"https:\/\/cabanasportomarin.com\/wp-content\/uploads\/2024\/02\/vacas.jpeg\" class=\"img-responsive wp-post-image\" alt=\"\" srcset=\"https:\/\/cabanasportomarin.com\/wp-content\/uploads\/2024\/02\/vacas.jpeg 1440w, https:\/\/cabanasportomarin.com\/wp-content\/uploads\/2024\/02\/vacas-300x265.jpeg 300w, https:\/\/cabanasportomarin.com\/wp-content\/uploads\/2024\/02\/vacas-1024x906.jpeg 1024w, https:\/\/cabanasportomarin.com\/wp-content\/uploads\/2024\/02\/vacas-768x679.jpeg 768w, https:\/\/cabanasportomarin.com\/wp-content\/uploads\/2024\/02\/vacas-600x531.jpeg 600w\" sizes=\"(max-width: 1440px) 100vw, 1440px\" \/>                                                                <div class=\"ecolar-blog-post-content\">\r\n                                                                        <div class=\"ecolar-blog-post-title\">\r\n                                        <a href=\"https:\/\/cabanasportomarin.com\/gl\/2024\/03\/01\/el-proyecto-cabanas-tradicion-con-una-nueva-mirada\/\">O Proxecto Cabanas: Tradici\u00f3n cunha nova mirada<\/a>\r\n                                    <\/div>\r\n                                    <div class=\"ecolar-post-dec\">\r\n                                        <p>Benvido de novo \u00e1 esencia de Cabanas! Neste post, merg\u00fallase na visi\u00f3n detallada do noso proxecto. Dende\u2026<\/p>\r\n                                    <\/div>\r\n                                <\/div>\r\n                            <\/div>\r\n                        <\/div>\r\n                    <\/div>\r\n                                        <div class=\"col-12 col-sm-12 col-md-6 col-lg-4\">\r\n                        <div class=\"ecolar-blog-post-item\">\r\n                            <div class=\"ecolar-blog-post-img\">\r\n                                                                <img loading=\"lazy\" decoding=\"async\" width=\"1600\" height=\"1200\" src=\"https:\/\/cabanasportomarin.com\/wp-content\/uploads\/2024\/03\/IMG-20240304-WA0027.jpg\" class=\"img-responsive wp-post-image\" alt=\"\" srcset=\"https:\/\/cabanasportomarin.com\/wp-content\/uploads\/2024\/03\/IMG-20240304-WA0027.jpg 1600w, https:\/\/cabanasportomarin.com\/wp-content\/uploads\/2024\/03\/IMG-20240304-WA0027-300x225.jpg 300w, https:\/\/cabanasportomarin.com\/wp-content\/uploads\/2024\/03\/IMG-20240304-WA0027-1024x768.jpg 1024w, https:\/\/cabanasportomarin.com\/wp-content\/uploads\/2024\/03\/IMG-20240304-WA0027-768x576.jpg 768w, https:\/\/cabanasportomarin.com\/wp-content\/uploads\/2024\/03\/IMG-20240304-WA0027-1536x1152.jpg 1536w, https:\/\/cabanasportomarin.com\/wp-content\/uploads\/2024\/03\/IMG-20240304-WA0027-16x12.jpg 16w, https:\/\/cabanasportomarin.com\/wp-content\/uploads\/2024\/03\/IMG-20240304-WA0027-600x450.jpg 600w\" sizes=\"(max-width: 1600px) 100vw, 1600px\" \/>                                                                <div class=\"ecolar-blog-post-content\">\r\n                                                                        <div class=\"ecolar-blog-post-title\">\r\n                                        <a href=\"https:\/\/cabanasportomarin.com\/gl\/2024\/02\/29\/creciendo-juntos-en-cabanas-la-iniciativa\/\">Crecendo Xuntos en Cabanas: A Iniciativa<\/a>\r\n                                    <\/div>\r\n                                    <div class=\"ecolar-post-dec\">\r\n                                        <p>Sa\u00fados de novo! Nesta entrada afondaremos na iniciativa impulsada por Cabanas. Ademais de ser un proxecto...<\/p>\r\n                                    <\/div>\r\n                                <\/div>\r\n                            <\/div>\r\n                        <\/div>\r\n                    <\/div>\r\n                                        <div class=\"col-12 col-sm-12 col-md-6 col-lg-4\">\r\n                        <div class=\"ecolar-blog-post-item\">\r\n                            <div class=\"ecolar-blog-post-img\">\r\n                                                                <img loading=\"lazy\" decoding=\"async\" width=\"1600\" height=\"1561\" src=\"https:\/\/cabanasportomarin.com\/wp-content\/uploads\/2024\/06\/WhatsApp-Image-2024-06-10-at-12.25.23-1.jpeg\" class=\"img-responsive wp-post-image\" alt=\"\" srcset=\"https:\/\/cabanasportomarin.com\/wp-content\/uploads\/2024\/06\/WhatsApp-Image-2024-06-10-at-12.25.23-1.jpeg 1600w, https:\/\/cabanasportomarin.com\/wp-content\/uploads\/2024\/06\/WhatsApp-Image-2024-06-10-at-12.25.23-1-300x293.jpeg 300w, https:\/\/cabanasportomarin.com\/wp-content\/uploads\/2024\/06\/WhatsApp-Image-2024-06-10-at-12.25.23-1-1024x999.jpeg 1024w, https:\/\/cabanasportomarin.com\/wp-content\/uploads\/2024\/06\/WhatsApp-Image-2024-06-10-at-12.25.23-1-768x749.jpeg 768w, https:\/\/cabanasportomarin.com\/wp-content\/uploads\/2024\/06\/WhatsApp-Image-2024-06-10-at-12.25.23-1-1536x1499.jpeg 1536w, https:\/\/cabanasportomarin.com\/wp-content\/uploads\/2024\/06\/WhatsApp-Image-2024-06-10-at-12.25.23-1-12x12.jpeg 12w\" sizes=\"(max-width: 1600px) 100vw, 1600px\" \/>                                                                <div class=\"ecolar-blog-post-content\">\r\n                                                                        <div class=\"ecolar-blog-post-title\">\r\n                                        <a href=\"https:\/\/cabanasportomarin.com\/gl\/2024\/02\/28\/bienvenidos-a-cabanas-un-encuentro-con-la-naturaleza\/\">Benvidos a Cabanas: Un Encontro coa Natureza<\/a>\r\n                                    <\/div>\r\n                                    <div class=\"ecolar-post-dec\">\r\n                                        <p>Un sa\u00fado a todos os amantes da natureza e da vida no campo! Son Sandra, a visionaria detr\u00e1s...<\/p>\r\n                                    <\/div>\r\n                                <\/div>\r\n                            <\/div>\r\n                        <\/div>\r\n                    <\/div>\r\n                                                        <\/div>\r\n            <\/div>\r\n        <\/div>\r\n        \t\t<\/div>\n\t\t\t\t<\/div>\n\t\t\t\t\t<\/div>\n\t\t<\/div>\n\t\t\t\t\t<\/div>\n\t\t<\/section>\n\t\t\t\t\t<\/div>\n\t\t<\/div>\n\t\t\t\t\t<\/div>\n\t\t<\/section>\n\t\t\t\t<\/div>","protected":false},"excerpt":{"rendered":"<p>Cabanas Un lugar para vivir, un lugar para compartir. Ola, son Sandra. Benvida a Cabanas. Creo profundamente nun estilo de vida e modelo de negocio diferentes, onde a natureza, a sustentabilidade e a comunidade est\u00e1n no centro de todo o que facemos. Son a promotora deste proxecto, unha emprendedora apaixonada e so\u00f1adora. Sempre en [\u2026]<\/p>","protected":false},"author":1,"featured_media":0,"parent":0,"menu_order":0,"comment_status":"closed","ping_status":"closed","template":"template-home.php","meta":{"footnotes":""},"class_list":["post-3060","page","type-page","status-publish","hentry"],"aioseo_notices":[],"_links":{"self":[{"href":"https:\/\/cabanasportomarin.com\/gl\/wp-json\/wp\/v2\/pages\/3060","targetHints":{"allow":["GET"]}}],"collection":[{"href":"https:\/\/cabanasportomarin.com\/gl\/wp-json\/wp\/v2\/pages"}],"about":[{"href":"https:\/\/cabanasportomarin.com\/gl\/wp-json\/wp\/v2\/types\/page"}],"author":[{"embeddable":true,"href":"https:\/\/cabanasportomarin.com\/gl\/wp-json\/wp\/v2\/users\/1"}],"replies":[{"embeddable":true,"href":"https:\/\/cabanasportomarin.com\/gl\/wp-json\/wp\/v2\/comments?post=3060"}],"version-history":[{"count":160,"href":"https:\/\/cabanasportomarin.com\/gl\/wp-json\/wp\/v2\/pages\/3060\/revisions"}],"predecessor-version":[{"id":3897,"href":"https:\/\/cabanasportomarin.com\/gl\/wp-json\/wp\/v2\/pages\/3060\/revisions\/3897"}],"wp:attachment":[{"href":"https:\/\/cabanasportomarin.com\/gl\/wp-json\/wp\/v2\/media?parent=3060"}],"curies":[{"name":"wp","href":"https:\/\/api.w.org\/{rel}","templated":true}]}}